{"id":5,"date":"2013-06-25T22:06:35","date_gmt":"2013-06-25T20:06:35","guid":{"rendered":"http:\/\/deutsches-kuratorium.de\/?page_id=5"},"modified":"2024-06-04T11:03:27","modified_gmt":"2024-06-04T09:03:27","slug":"home-2","status":"publish","type":"page","link":"https:\/\/deutsches-kuratorium.de\/","title":{"rendered":"Home"},"content":{"rendered":"<p><span style=\"font-size: 12pt;\">Das Deutsche Kuratorium zur F\u00f6rderung von Wissenschaft, Bildung und Kultur e.V. wurde am 7. Februar 1987 in den Tagungsr\u00e4umen des \u201eGuttenberger Forsthauses\u201c, nahe der Stadt W\u00fcrzburg gegr\u00fcndet.<\/span><\/p>\n<p><span style=\"font-size: 12pt;\">Die Idee zur Gr\u00fcndung hatte Andreas Erhard, unter seiner Federf\u00fchrung wurden auch die Statuten erarbeitet und der Gr\u00fcndungsakt durchgef\u00fchrt. Vision von Andreas Erhard war es, m\u00f6glichst viele private Initiativen und das b\u00fcrgerschaftliche Engagement einzelner Personen oder Gruppen zu b\u00fcndeln.<\/span><\/p>\n<p><span style=\"font-size: 12pt;\">Der Einzelne hatte somit eine gemeinn\u00fctzige Plattform. Die initiierten Projekte konnten im Rahmen des Deutschen Kuratoriums e.V. verst\u00e4rkt auftreten und hatten somit eine gr\u00f6\u00dfere Aussicht auf Erfolg. Das Deutsche Kuratorium e.V. sollte nach den Vorstellungen von Andreas Erhard \u00a0eine Interessenvertretung des b\u00fcrgerschaftlichen Engagements sein. Alle Mitglieder sind ehrenamtlich t\u00e4tig, sie k\u00f6nnen f\u00fcr ihre Projekte und Initiativen eigenverantwortlich aktiv werden.<\/span><\/p>\n<p><span style=\"font-size: 12pt;\">Zu den Kernvorgaben von Andreas Erhard bei der Gr\u00fcndung z\u00e4hlte auch, dass das Deutsche Kuratorium e.V. ausdr\u00fccklich keine staatlichen F\u00f6rdergelder oder Subventionen annimmt. Die bis zu diesem Zeitpunkt von Andreas Erhard durchgef\u00fchrten privaten Initiativen z.B. im Bereich der Berufsausbildung und Weiterbildung wurden in das Deutsche Kuratorium e.V. aufgenommen und z\u00e4hlen als Ausgangssituation der Inlandsarbeit der Vereinigung.<\/span><\/p>\n<p><span style=\"font-size: 12pt;\">Zu den Gr\u00fcndungsmitgliedern z\u00e4hlte auch Josef Klein <em>(+ 2005).<\/em> Herr Klein unterst\u00fctzte seit Jahrzehnten verschiedene Hilfsprojekte im brasilianischen Regenwald, dazu z\u00e4hlt auch der Aufbau von Schulen und Bildungsst\u00e4tten. Dieses Engagement bildete den Grundpfeiler der Auslandst\u00e4tigkeit des neu gegr\u00fcndeten Deutschen Kuratoriums.<\/span><\/p>\n<p style=\"text-align: center;\"><a href=\"https:\/\/deutsches-kuratorium.de\/?attachment_id=15\" rel=\"attachment wp-att-15\"><img loading=\"lazy\" decoding=\"async\" class=\"aligncenter wp-image-15\" src=\"https:\/\/deutsches-kuratorium.de\/wordpress\/wp-content\/uploads\/logo_startseite-300x293.gif\" alt=\"Logo Kuratorium\" width=\"87\" height=\"77\" \/><\/a><\/p>\n","protected":false},"excerpt":{"rendered":"<p>Das Deutsche Kuratorium zur F\u00f6rderung von Wissenschaft, Bildung und Kultur e.V. wurde am 7. Februar 1987 in den Tagungsr\u00e4umen des \u201eGuttenberger Forsthauses\u201c, nahe der Stadt W\u00fcrzburg gegr\u00fcndet. Die Idee zur Gr\u00fcndung hatte Andreas Erhard, unter seiner Federf\u00fchrung wurden auch die <a class=\"more-link\" href=\"https:\/\/deutsches-kuratorium.de\/\">Weiterlesen\u00a0\u2026<\/a><\/p>\n","protected":false},"author":1,"featured_media":0,"parent":0,"menu_order":0,"comment_status":"closed","ping_status":"closed","template":"","meta":{"footnotes":""},"class_list":["post-5","page","type-page","status-publish","hentry"],"_links":{"self":[{"href":"https:\/\/deutsches-kuratorium.de\/index.php?rest_route=\/wp\/v2\/pages\/5","targetHints":{"allow":["GET"]}}],"collection":[{"href":"https:\/\/deutsches-kuratorium.de\/index.php?rest_route=\/wp\/v2\/pages"}],"about":[{"href":"https:\/\/deutsches-kuratorium.de\/index.php?rest_route=\/wp\/v2\/types\/page"}],"author":[{"embeddable":true,"href":"https:\/\/deutsches-kuratorium.de\/index.php?rest_route=\/wp\/v2\/users\/1"}],"replies":[{"embeddable":true,"href":"https:\/\/deutsches-kuratorium.de\/index.php?rest_route=%2Fwp%2Fv2%2Fcomments&post=5"}],"version-history":[{"count":17,"href":"https:\/\/deutsches-kuratorium.de\/index.php?rest_route=\/wp\/v2\/pages\/5\/revisions"}],"predecessor-version":[{"id":201,"href":"https:\/\/deutsches-kuratorium.de\/index.php?rest_route=\/wp\/v2\/pages\/5\/revisions\/201"}],"wp:attachment":[{"href":"https:\/\/deutsches-kuratorium.de\/index.php?rest_route=%2Fwp%2Fv2%2Fmedia&parent=5"}],"curies":[{"name":"wp","href":"https:\/\/api.w.org\/{rel}","templated":true}]}}