{"id":24,"date":"2013-07-21T13:45:55","date_gmt":"2013-07-21T11:45:55","guid":{"rendered":"http:\/\/deutsches-kuratorium.de\/?page_id=24"},"modified":"2024-06-04T10:45:50","modified_gmt":"2024-06-04T08:45:50","slug":"europatagmedaille","status":"publish","type":"page","link":"https:\/\/deutsches-kuratorium.de\/?page_id=24","title":{"rendered":"Europatag"},"content":{"rendered":"<p><span style=\"font-size: 12pt;\"><strong>Europatag \u201ePrivater Initiative\u201c<\/strong><\/span><\/p>\n<p><span style=\"font-size: 12pt;\">Der Europatag \u201ePrivater Initiative\u201c auch Europatag &#8222;B\u00fcrgerschaftliches Engagement&#8220; genannt, wurde am 20. Oktober 1995 durch private Hand ins Leben gerufen und gewidmet. Ein Jahr sp\u00e4ter erfolgte die Stiftung der sogenannten \u201eEuropatagmedaille\u201c. Diese ist eine Ehrung f\u00fcr besonderes b\u00fcrgerschaftliches Engagement.<\/span><\/p>\n<p><span style=\"font-size: 12pt;\">Ziel des Europatages ist es, privates Engagement in allen gesellschaftlichen Bereichen zu f\u00f6rdern und gemeinn\u00fctzig zu unterst\u00fctzen. Eine Lobby f\u00fcr mehr private Initiative in Staat und Gesellschaft soll entstehen.<\/span><\/p>\n<p><span style=\"font-size: 12pt;\">In den Gr\u00fcndungsstatuten hei\u00dft es u.a.:<\/span><\/p>\n<p><span style=\"font-size: 12pt;\">&#8222;Mit- und Eigenverantwortung, eines der Schl\u00fcsselbereiche unserer Zeit, muss wieder verst\u00e4rkt in den Vordergrund r\u00fccken. Neben materiellen Werten ist ideellem Engagement und gemeinn\u00fctziger Mitgestaltung eine Br\u00fccke zu bauen. Denn privat initiativ werden hei\u00dft das Leben aktiv mitzugestalten&#8220;.<\/span><\/p>\n<p><span style=\"font-size: 12pt;\">Allj\u00e4hrlich, zeitnah zum 20. Oktober verleiht seither das Deutsche Kuratorium e.V. die sogenannte Europatagmedaille, als \u00f6ffentliche Belobigung f\u00fcr besonderes privates Engagement.<\/span><\/p>\n<p><span style=\"font-size: 12pt;\"><a href=\"https:\/\/deutsches-kuratorium.de\/?attachment_id=94\" rel=\"attachment wp-att-94\"><img loading=\"lazy\" decoding=\"async\" class=\"size-medium wp-image-94 alignleft\" title=\"Europatagmedaille\" src=\"https:\/\/deutsches-kuratorium.de\/wordpress\/wp-content\/uploads\/CCI28072013_00000-300x245.jpg\" alt=\"Europatagmedaille\" width=\"300\" height=\"245\" srcset=\"https:\/\/deutsches-kuratorium.de\/wordpress\/wp-content\/uploads\/CCI28072013_00000-300x245.jpg 300w, https:\/\/deutsches-kuratorium.de\/wordpress\/wp-content\/uploads\/CCI28072013_00000-624x510.jpg 624w, https:\/\/deutsches-kuratorium.de\/wordpress\/wp-content\/uploads\/CCI28072013_00000.jpg 938w\" sizes=\"auto, (max-width: 300px) 100vw, 300px\" \/><\/a><\/span><\/p>\n<p><span style=\"font-size: 12pt;\">Die Europatagmedaille k\u00f6nnen Einzelpersonen, Gruppen, Vereine, K\u00f6rperschaften u.a. erhalten, welche sich im besonderen Rahmen privat engagiert haben. Verdienste, welche in Zusammenhang mit beruflichen, politischen oder weiteren dienstlichen oder amtlichen T\u00e4tigkeiten stehen, werden nicht ber\u00fccksichtigt. Selbes gilt f\u00fcr Engagement, welches zu eigenen Werbe- oder PR-Zwecken dient.<br \/>\n<\/span><span style=\"font-size: 12pt;\">Die Europatagmedaille ist in der jetzigen Form auf 50 Medaillen beschr\u00e4nkt.<\/span><\/p>\n<p>&nbsp;<\/p>\n<p><strong><span style=\"font-size: 10pt;\">Presseverlautbarung der Volkszeitung vom 26.10.2012, \u00a9 2013 (Zum Lesen bitte anklicken.)<\/span><\/strong><\/p>\n<p>&nbsp;<\/p>\n<p><span style=\"text-decoration: underline; font-size: 12pt;\">Inhaber der Europatagmedaille (Auszug)<\/span><\/p>\n<ul>\n<li><span style=\"font-size: 12pt;\">Dr. Walter Ru\u00dfwurm, Naturschutz und Artenschutzprojekte in Th\u00fcringen<\/span><\/li>\n<li><span style=\"font-size: 12pt;\">Kolpingfamilie Stadtlauringen, Jugend-, Bildungs- und Entwicklungshilfeprojekte<\/span><\/li>\n<li><span style=\"font-size: 12pt;\">Bundesgrenzschutz, Standort Oerlenbach, zahlreiche private Projekte f\u00fcr die Main-Rh\u00f6n-Region<\/span><\/li>\n<li><span style=\"font-size: 12pt;\">Volkszeitung W\u00fcrzburg, Aktion: Fr\u00f6hlich sein &#8211; Gutes Tun<\/span><\/li>\n<li><span style=\"font-size: 12pt;\">Caritasverband W\u00fcrzburg, langj\u00e4hrige Kooperation zur Aktion: Fr\u00f6hlich sein &#8211; Gutes Tun<\/span><\/li>\n<li><span style=\"font-size: 12pt;\">Kurt G\u00f6bel, Verleihung posthum, weitsichtige Denkmalschutzbestrebungen in Th\u00fcringen<\/span><\/li>\n<li><span style=\"font-size: 12pt;\">Susanne Zirkel, Schutz von Flederm\u00e4usen und Kleinstarten<\/span><\/li>\n<li><span style=\"font-size: 12pt;\">Monika und Robert Endres, praktischer Tierschutz<\/span><\/li>\n<li><span style=\"font-size: 12pt;\">Joachim Fiedler, langj\u00e4hrige Beratung von Behinderten und benachteiligten Menschen<\/span><\/li>\n<li><span style=\"font-size: 12pt;\">Elke und Gerald Lurz, langj\u00e4hrige Unterst\u00fctzung von musealen Einrichtungen<\/span><\/li>\n<li><span style=\"font-size: 12pt;\">Hiltrud Weth-Bauer, Verdienste um den Aufbau der neuen Bundesl\u00e4nder<\/span><\/li>\n<li><span style=\"font-size: 12pt;\">Oldtimergruppe Stockheim\/Bayern, F\u00f6rderung des Zusammenwachsens von ost und west<\/span><\/li>\n<li><span style=\"font-size: 12pt;\">Oldtimergruppe Unterma\u00dffeld\/Th\u00fcringen, F\u00f6rderung des Zusammenwachsens von ost und west<\/span><\/li>\n<li><span style=\"font-size: 12pt;\">Reinhold Brand, langj\u00e4hrige T\u00e4tigkeit f\u00fcr das Kuratorium unteilbares Deutschland<\/span><\/li>\n<li><span style=\"font-size: 12pt;\">Schweinfurter Tafel, Unterst\u00fctzung Bed\u00fcrftiger in der Main-Rh\u00f6n-Region<\/span><\/li>\n<li><span style=\"font-size: 12pt;\">Zahnarzt Dr. J\u00fcrgen Hummel, Behandlung von Menschen ohne Krankenkasse<\/span><\/li>\n<li><span style=\"font-size: 12pt;\">Anita und Stefan Zehfu\u00df, Zahlreiche praktische Hilfsprojekte f\u00fcr mittellose Menschen in Tschernobyl<\/span><\/li>\n<li><span style=\"font-size: 12pt;\">Gr\u00fcne Damen in Schweinfurt, Besuchsdienste f\u00fcr hilfsbed\u00fcrftige Patienten in Krankenh\u00e4usern<\/span><\/li>\n<li><span style=\"font-size: 12pt;\">Suhler Kindertafel, Lebensmittelbereitstellung f\u00fcr mittellose Kinder in S\u00fcdth\u00fcringen<\/span><\/li>\n<li><span style=\"font-size: 12pt;\">G\u00f6tz H\u00f6hle, Erhaltung und Vermittlung eines arch\u00e4ologischen Bodendenkmals<\/span><\/li>\n<li><span style=\"font-size: 12pt;\">Wolfgang Taubert, Verst\u00e4ndigung von west und ost durch zahlreiche sportliche Aktivit\u00e4ten<\/span><\/li>\n<li><span style=\"font-size: 12pt;\">Herbert und Gudrun Martin, praktischer Artenschutz im Rahmen ihrer Igelstation<\/span><\/li>\n<li><span style=\"font-size: 12pt;\">Inge Weigand, langj\u00e4hrige T\u00e4tigkeit im sozialen Bereich, auch f\u00fcr Behinderte oder Demenzkranke<\/span><\/li>\n<li><span style=\"font-size: 12pt;\">Helene Kuboth, Engagement innerhalb der Hospizarbeit und Angeh\u00f6rigenbetreuung<\/span><\/li>\n<li><span style=\"font-size: 12pt;\">Johanna Muckelbauer, Initiativen im Bereich der Palliativarbeit und Trauerbegleitung<\/span><\/li>\n<li><span style=\"font-size: 12pt;\">Wiesenbroner 3Klang, F\u00f6rderung der regionalen Mundart, des Liedgutes und des musikalischen Kulturgutes<\/span><\/li>\n<li><span style=\"font-size: 12pt;\">Theo D\u00f6ring, F\u00f6rderung der Kultur und des Brauchtums, Erwachsenenbildung, Verst\u00e4ndigung von Ost- und Westdeutschland<\/span><\/li>\n<li><span style=\"font-size: 12pt;\">Sibylle R\u00f6ding, Unterst\u00fctzung und Resozialisierungsbestrebungen f\u00fcr junge Straft\u00e4ter<\/span><\/li>\n<li><span style=\"font-size: 12pt;\">Ursula Schneeberger, Besuchsdienste und Freizeitbetreuung mit straff\u00e4lligen Personen<\/span><\/li>\n<li><span style=\"font-size: 12pt;\">Strickfrauen aus Helmstadt, Unterst\u00fctzung sozialer Projekte und bed\u00fcrftiger Personen<\/span><\/li>\n<li><span style=\"font-size: 12pt;\">Klaus Hanselmann, langj\u00e4hrige T\u00e4tigkeit um die Wettererforschung, Wetterbeobachtung und als ehrenamtlicher Wettermelder.<\/span><\/li>\n<li><span style=\"font-size: 12pt;\">Hammelburger Tauschring, langj\u00e4hriges B\u00fcrgerengagement und Nachbarschaftshilfe.<\/span><\/li>\n<li><span style=\"font-size: 12pt;\">Karlstadter Tauschring, langj\u00e4hrige Nachbarschaftshilfe und B\u00fcrgerengagement.<\/span><\/li>\n<li><span style=\"font-size: 12pt;\">Dorfladen Geroldshausen-Moos, gelebtes B\u00fcrgerengagement innerhalb der Dorfgemeinschaft.<\/span><\/li>\n<\/ul>\n","protected":false},"excerpt":{"rendered":"<p>Europatag \u201ePrivater Initiative\u201c Der Europatag \u201ePrivater Initiative\u201c auch Europatag &#8222;B\u00fcrgerschaftliches Engagement&#8220; genannt, wurde am 20. Oktober 1995 durch private Hand ins Leben gerufen und gewidmet. Ein Jahr sp\u00e4ter erfolgte die Stiftung der sogenannten \u201eEuropatagmedaille\u201c. Diese ist eine Ehrung f\u00fcr besonderes <a class=\"more-link\" href=\"https:\/\/deutsches-kuratorium.de\/?page_id=24\">Weiterlesen\u00a0\u2026<\/a><\/p>\n","protected":false},"author":1,"featured_media":0,"parent":0,"menu_order":0,"comment_status":"closed","ping_status":"closed","template":"","meta":{"footnotes":""},"class_list":["post-24","page","type-page","status-publish","hentry"],"_links":{"self":[{"href":"https:\/\/deutsches-kuratorium.de\/index.php?rest_route=\/wp\/v2\/pages\/24","targetHints":{"allow":["GET"]}}],"collection":[{"href":"https:\/\/deutsches-kuratorium.de\/index.php?rest_route=\/wp\/v2\/pages"}],"about":[{"href":"https:\/\/deutsches-kuratorium.de\/index.php?rest_route=\/wp\/v2\/types\/page"}],"author":[{"embeddable":true,"href":"https:\/\/deutsches-kuratorium.de\/index.php?rest_route=\/wp\/v2\/users\/1"}],"replies":[{"embeddable":true,"href":"https:\/\/deutsches-kuratorium.de\/index.php?rest_route=%2Fwp%2Fv2%2Fcomments&post=24"}],"version-history":[{"count":28,"href":"https:\/\/deutsches-kuratorium.de\/index.php?rest_route=\/wp\/v2\/pages\/24\/revisions"}],"predecessor-version":[{"id":200,"href":"https:\/\/deutsches-kuratorium.de\/index.php?rest_route=\/wp\/v2\/pages\/24\/revisions\/200"}],"wp:attachment":[{"href":"https:\/\/deutsches-kuratorium.de\/index.php?rest_route=%2Fwp%2Fv2%2Fmedia&parent=24"}],"curies":[{"name":"wp","href":"https:\/\/api.w.org\/{rel}","templated":true}]}}