{"id":23,"date":"2013-07-21T13:45:35","date_gmt":"2013-07-21T11:45:35","guid":{"rendered":"http:\/\/deutsches-kuratorium.de\/?page_id=23"},"modified":"2024-06-04T10:37:38","modified_gmt":"2024-06-04T08:37:38","slug":"ausland","status":"publish","type":"page","link":"https:\/\/deutsches-kuratorium.de\/?page_id=23","title":{"rendered":"Ausland"},"content":{"rendered":"<p>Das Deutsche Kuratorium zur F\u00f6rderung von Wissenschaft, Bildung und Kultur e.V.\u00a0 unterst\u00fctzt und f\u00f6rdert unterschiedliche Projekte im Ausland.<\/p>\n<p>Es handelt sich hierbei um F\u00f6rder- und Unterst\u00fctzungsprojekte, welche von Personen oder Gruppen initiiert worden sind und unter dem Dach des Deutschen Kuratoriums e.V. weitergef\u00fchrt werden. Hierzu z\u00e4hlen u.a. auch Verm\u00e4chtnisse per Vereinbarung zu Lebenszeiten oder per letztwillige Verf\u00fcgung im Todesfall.<\/p>\n<p>Die F\u00f6rderung und Unterst\u00fctzung der unterschiedlichen Hilfsprojekte im Ausland erfolgen in erster Linie durch finanzielle oder materielle Leistungen. Das Deutsche Kuratorium betreibt diesbez\u00fcglich ein Fonds-Hilfsprogramm.<\/p>\n<p>Beispiele von Projekten im Ausland (Auszug)<\/p>\n<ul>\n<li><span style=\"text-decoration: underline;\">Indienhilfe<\/span><\/li>\n<\/ul>\n<p>Im Rahmen der Indienhilfe sollen mittelose Jugendliche und Erwachsene unterst\u00fctzt werden. Die sprichw\u00f6rtliche Hilfe zur Selbsthilfe steht hierbei im Vordergrund. Auch die Mutter-Kind-F\u00fchrsorge wird in die Unterst\u00fctzungen und Hilfsangebote eingebracht. Die gesamten finanziellen Leistungen zur Unterst\u00fctzung dieses Indienhilfe-Projektes wurde durch die Mittel eines eigens daf\u00fcr gegr\u00fcndeten Unterst\u00fctzungsfonds getragen.<\/p>\n<ul>\n<li><span style=\"text-decoration: underline;\">Brasilienhilfe<\/span><\/li>\n<\/ul>\n<p>Die Urspr\u00fcnge der Brasilienhilfe gehen bereits auf zahlreiche gemeinn\u00fctzige Aktivit\u00e4ten von Herrn Josef Klein in den 1970er und 1980er Jahren zur\u00fcck. Im Jahr 1988 wurden diese privaten Unterst\u00fctzungen unter dem Dach des neu gegr\u00fcndeten Deutschen Kuratoriums e.V. zusammengef\u00fchrt und geb\u00fcndelt.<\/p>\n<p><a href=\"https:\/\/deutsches-kuratorium.de\/?attachment_id=89\" rel=\"attachment wp-att-89\"><img loading=\"lazy\" decoding=\"async\" class=\"size-medium wp-image-89 alignleft\" title=\"Brasilienhilfe\" src=\"https:\/\/deutsches-kuratorium.de\/wordpress\/wp-content\/uploads\/CCI28072013_00004-300x194.jpg\" alt=\"Brasilienhilfe\" width=\"300\" height=\"194\" srcset=\"https:\/\/deutsches-kuratorium.de\/wordpress\/wp-content\/uploads\/CCI28072013_00004-300x194.jpg 300w, https:\/\/deutsches-kuratorium.de\/wordpress\/wp-content\/uploads\/CCI28072013_00004-624x404.jpg 624w, https:\/\/deutsches-kuratorium.de\/wordpress\/wp-content\/uploads\/CCI28072013_00004.jpg 1024w\" sizes=\"auto, (max-width: 300px) 100vw, 300px\" \/><\/a><\/p>\n<p>Bei diesem Unterst\u00fctzungsprojekt geht es in erster Linie um finanzielle Leistungen f\u00fcr mittellose Jugendliche im brasilianischen Regenwald. Auch die unmittelbare F\u00f6rderung von beruflichen Bildungsveranstaltungen sowie der praktischen Ausbildung von benachteiligen Jugendlichen\u00a0 steht im Vordergrund. Zu den Kooperationspartnern vor Ort z\u00e4hlt der deutschst\u00e4mmige Pater Lang, dieser hat sich seit Jahrzehnten neben seiner pastoralen Arbeit den \u00c4rmsten im Lande verschrieben.<\/p>\n<p><strong><span style=\"font-size: 10pt;\">Brasilianische Jugendliche bei einer Bildungsveranstaltung<\/span><\/strong><\/p>\n","protected":false},"excerpt":{"rendered":"<p>Das Deutsche Kuratorium zur F\u00f6rderung von Wissenschaft, Bildung und Kultur e.V.\u00a0 unterst\u00fctzt und f\u00f6rdert unterschiedliche Projekte im Ausland. Es handelt sich hierbei um F\u00f6rder- und Unterst\u00fctzungsprojekte, welche von Personen oder Gruppen initiiert worden sind und unter dem Dach des Deutschen <a class=\"more-link\" href=\"https:\/\/deutsches-kuratorium.de\/?page_id=23\">Weiterlesen\u00a0\u2026<\/a><\/p>\n","protected":false},"author":1,"featured_media":0,"parent":0,"menu_order":0,"comment_status":"closed","ping_status":"closed","template":"","meta":{"footnotes":""},"class_list":["post-23","page","type-page","status-publish","hentry"],"_links":{"self":[{"href":"https:\/\/deutsches-kuratorium.de\/index.php?rest_route=\/wp\/v2\/pages\/23","targetHints":{"allow":["GET"]}}],"collection":[{"href":"https:\/\/deutsches-kuratorium.de\/index.php?rest_route=\/wp\/v2\/pages"}],"about":[{"href":"https:\/\/deutsches-kuratorium.de\/index.php?rest_route=\/wp\/v2\/types\/page"}],"author":[{"embeddable":true,"href":"https:\/\/deutsches-kuratorium.de\/index.php?rest_route=\/wp\/v2\/users\/1"}],"replies":[{"embeddable":true,"href":"https:\/\/deutsches-kuratorium.de\/index.php?rest_route=%2Fwp%2Fv2%2Fcomments&post=23"}],"version-history":[{"count":12,"href":"https:\/\/deutsches-kuratorium.de\/index.php?rest_route=\/wp\/v2\/pages\/23\/revisions"}],"predecessor-version":[{"id":199,"href":"https:\/\/deutsches-kuratorium.de\/index.php?rest_route=\/wp\/v2\/pages\/23\/revisions\/199"}],"wp:attachment":[{"href":"https:\/\/deutsches-kuratorium.de\/index.php?rest_route=%2Fwp%2Fv2%2Fmedia&parent=23"}],"curies":[{"name":"wp","href":"https:\/\/api.w.org\/{rel}","templated":true}]}}